{"id":6691,"date":"2024-03-14T11:07:28","date_gmt":"2024-03-14T10:07:28","guid":{"rendered":"https:\/\/www.nexat.de\/controle-de-dados\/"},"modified":"2024-03-14T12:49:14","modified_gmt":"2024-03-14T11:49:14","slug":"controle-de-dados","status":"publish","type":"page","link":"https:\/\/www.nexat.de\/pt-br\/controle-de-dados\/","title":{"rendered":"Prote\u00e7\u00e3o de dados"},"content":{"rendered":"<p>[et_pb_section fb_built=&#8221;1&#8243; custom_padding_last_edited=&#8221;on|phone&#8221; admin_label=&#8221;Section&#8221; module_class=&#8221;light-background&#8221; _builder_version=&#8221;4.13.1&#8243; _module_preset=&#8221;default&#8221; background_color=&#8221;#FFFFFF&#8221; custom_margin=&#8221;||||false|false&#8221; custom_padding=&#8221;107px||40px||false|false&#8221; custom_padding_tablet=&#8221;107px||40px||false|false&#8221; custom_padding_phone=&#8221;97px||30px||false|false&#8221; global_colors_info=&#8221;{}&#8221;][et_pb_row _builder_version=&#8221;4.14.1&#8243; _module_preset=&#8221;default&#8221; width=&#8221;90%&#8221; max_width=&#8221;800px&#8221; custom_padding=&#8221;30px||0px||false|false&#8221; global_colors_info=&#8221;{}&#8221;][et_pb_column type=&#8221;4_4&#8243; _builder_version=&#8221;4.13.1&#8243; _module_preset=&#8221;default&#8221; global_colors_info=&#8221;{}&#8221;][et_pb_text _builder_version=&#8221;4.14.2&#8243; _module_preset=&#8221;default&#8221; text_font=&#8221;|300|||||||&#8221; text_text_color=&#8221;#292929&#8243; link_font=&#8221;||||||||&#8221; header_font=&#8221;|700|||||||&#8221; header_text_color=&#8221;#1D1D1D&#8221; header_font_size=&#8221;34px&#8221; header_2_font=&#8221;|700|||||||&#8221; header_2_text_color=&#8221;#1D1D1D&#8221; header_2_font_size=&#8221;34px&#8221; header_3_font=&#8221;|700|||||||&#8221; header_3_text_color=&#8221;#1D1D1D&#8221; header_3_font_size=&#8221;28px&#8221; custom_margin=&#8221;||0px||false|false&#8221; hover_enabled=&#8221;0&#8243; global_colors_info=&#8221;{}&#8221; link_text_color__hover=&#8221;rgba(181,44,36,0.8)&#8221; link_text_color__hover_enabled=&#8221;on|desktop&#8221; sticky_enabled=&#8221;0&#8243;]<\/p>\n<h1>Pol\u00edtica de privacidade<\/h1>\n<p>NEXAT GmbH<br \/>\nMeppener Stra\u00dfe 9-11<br \/>\n49597 Rieste<br \/>\nAlemanha<\/p>\n<p>Tel: +49 5493 54844-0<br \/>\n<a href=\"mailto:info@nexat.de\">info@nexat.de<\/a><\/p>\n<h2>Seguran\u00e7a e prote\u00e7\u00e3o de seus dados pessoais<\/h2>\n<p>Consideramos nossa principal tarefa manter a confidencialidade dos dados pessoais que voc\u00ea fornece e proteg\u00ea-los contra acesso n\u00e3o autorizado. Portanto, tomamos o m\u00e1ximo de cuidado e aplicamos os mais recentes padr\u00f5es de seguran\u00e7a para garantir a m\u00e1xima prote\u00e7\u00e3o de seus dados pessoais.<\/p>\n<p>Como uma empresa de direito privado, estamos sujeitos \u00e0s disposi\u00e7\u00f5es do Regulamento Geral Europeu de Prote\u00e7\u00e3o de Dados (GDPR) e \u00e0s disposi\u00e7\u00f5es da Lei Federal Alem\u00e3 de Prote\u00e7\u00e3o de Dados (BDSG). Tomamos medidas t\u00e9cnicas e organizacionais para garantir que as normas de prote\u00e7\u00e3o de dados sejam observadas por n\u00f3s e por nossos prestadores de servi\u00e7os externos.<\/p>\n<h2>Defini\u00e7\u00f5es<\/h2>\n<p>O legislador exige que os dados pessoais sejam processados de forma legal, justa e compreens\u00edvel para o titular dos dados (&#8220;legalidade, justi\u00e7a e transpar\u00eancia&#8221;). Para garantir isso, n\u00f3s o informamos sobre as defini\u00e7\u00f5es legais individuais que tamb\u00e9m s\u00e3o usadas nesta pol\u00edtica de privacidade:<\/p>\n<h3>1. dados pessoais<\/h3>\n<p>&#8220;Dados pessoais&#8221; significa qualquer informa\u00e7\u00e3o relacionada a uma pessoa f\u00edsica identificada ou identific\u00e1vel (doravante denominada &#8220;titular dos dados&#8221;); uma pessoa f\u00edsica identific\u00e1vel \u00e9 aquela que pode ser identificada, direta ou indiretamente, em particular por refer\u00eancia a um identificador como um nome, um n\u00famero de identifica\u00e7\u00e3o, dados de localiza\u00e7\u00e3o, um identificador on-line ou a um ou mais fatores espec\u00edficos da identidade f\u00edsica, fisiol\u00f3gica, gen\u00e9tica, mental, econ\u00f4mica, cultural ou social dessa pessoa f\u00edsica.<\/p>\n<h3>2.Processamento<\/h3>\n<p>&#8220;Processamento&#8221; significa qualquer opera\u00e7\u00e3o ou conjunto de opera\u00e7\u00f5es realizadas em dados pessoais ou em conjuntos de dados pessoais, seja ou n\u00e3o por meios automatizados, tais como coleta, registro, organiza\u00e7\u00e3o, estrutura\u00e7\u00e3o, armazenamento, adapta\u00e7\u00e3o ou altera\u00e7\u00e3o, recupera\u00e7\u00e3o, consulta, uso, divulga\u00e7\u00e3o por transmiss\u00e3o, dissemina\u00e7\u00e3o ou outra forma de disponibiliza\u00e7\u00e3o, alinhamento ou combina\u00e7\u00e3o, restri\u00e7\u00e3o, apagamento ou destrui\u00e7\u00e3o.<\/p>\n<h3>3. restri\u00e7\u00e3o de processamento<\/h3>\n<p>&#8220;Restri\u00e7\u00e3o de processamento&#8221; \u00e9 a marca\u00e7\u00e3o de dados pessoais armazenados com o objetivo de restringir seu processamento futuro.<\/p>\n<h3>4. cria\u00e7\u00e3o de perfis<\/h3>\n<p>&#8220;Cria\u00e7\u00e3o de perfil&#8221; significa qualquer forma de processamento automatizado de dados pessoais que consiste no uso de dados pessoais para avaliar determinados aspectos pessoais relacionados a uma pessoa f\u00edsica, em particular para analisar ou prever aspectos relativos ao desempenho dessa pessoa f\u00edsica no trabalho, situa\u00e7\u00e3o econ\u00f4mica, sa\u00fade, prefer\u00eancias pessoais, interesses, confiabilidade, comportamento, localiza\u00e7\u00e3o ou movimentos.<\/p>\n<h3>5. pseudonimiza\u00e7\u00e3o<\/h3>\n<p>&#8220;Pseudonimiza\u00e7\u00e3o&#8221; significa o processamento de dados pessoais de tal forma que os dados pessoais n\u00e3o possam mais ser atribu\u00eddos a um titular de dados espec\u00edfico sem o uso de informa\u00e7\u00f5es adicionais, desde que essas informa\u00e7\u00f5es adicionais sejam mantidas separadamente e estejam sujeitas a medidas t\u00e9cnicas e organizacionais para garantir que os dados pessoais n\u00e3o sejam atribu\u00eddos a uma pessoa f\u00edsica identificada ou identific\u00e1vel.<\/p>\n<h3>6. sistema de arquivos<\/h3>\n<p>&#8220;Sistema de arquivos&#8221; significa qualquer cole\u00e7\u00e3o estruturada de dados pessoais que seja acess\u00edvel de acordo com crit\u00e9rios espec\u00edficos, independentemente de essa cole\u00e7\u00e3o ser organizada de forma centralizada, descentralizada ou de acordo com aspectos funcionais ou geogr\u00e1ficos.<\/p>\n<h3>7. pessoa respons\u00e1vel<\/h3>\n<p>&#8220;Controlador&#8221; significa uma pessoa f\u00edsica ou jur\u00eddica, autoridade p\u00fablica, ag\u00eancia ou outro \u00f3rg\u00e3o que, sozinho ou em conjunto com outros, determina as finalidades e os meios de processamento de dados pessoais; quando as finalidades e os meios de tal processamento forem determinados pela legisla\u00e7\u00e3o da Uni\u00e3o ou do Estado Membro, o controlador ou os crit\u00e9rios espec\u00edficos para sua nomea\u00e7\u00e3o podem ser previstos pela legisla\u00e7\u00e3o da Uni\u00e3o ou do Estado Membro.<\/p>\n<h3>8. processadores<\/h3>\n<p>&#8220;Processador&#8221; significa uma pessoa f\u00edsica ou jur\u00eddica, autoridade p\u00fablica, ag\u00eancia ou outro \u00f3rg\u00e3o que processa dados pessoais em nome do controlador.<\/p>\n<h3>9\u00ba recebedor<\/h3>\n<p>&#8220;Destinat\u00e1rio&#8221; significa uma pessoa f\u00edsica ou jur\u00eddica, autoridade p\u00fablica, ag\u00eancia ou outro \u00f3rg\u00e3o para o qual os dados pessoais s\u00e3o divulgados, seja um terceiro ou n\u00e3o. No entanto, as autoridades p\u00fablicas que possam receber dados pessoais no \u00e2mbito de uma investiga\u00e7\u00e3o espec\u00edfica, de acordo com a legisla\u00e7\u00e3o da Uni\u00e3o ou do Estado Membro, n\u00e3o ser\u00e3o consideradas destinat\u00e1rias; o processamento desses dados por essas autoridades p\u00fablicas dever\u00e1 estar em conformidade com as regras de prote\u00e7\u00e3o de dados aplic\u00e1veis, de acordo com as finalidades do processamento.<\/p>\n<h3>10. terceiros<\/h3>\n<p>&#8220;Terceiro&#8221; significa uma pessoa f\u00edsica ou jur\u00eddica, autoridade p\u00fablica, ag\u00eancia ou \u00f3rg\u00e3o que n\u00e3o seja o titular dos dados, o controlador, o processador e as pessoas que, sob a autoridade direta do controlador ou do processador, est\u00e3o autorizadas a processar dados pessoais.<\/p>\n<h3>11. consentimento<\/h3>\n<p>O &#8220;consentimento&#8221; do titular dos dados \u00e9 qualquer indica\u00e7\u00e3o livremente dada, espec\u00edfica, informada e inequ\u00edvoca dos desejos do titular dos dados, pela qual ele ou ela, por meio de uma declara\u00e7\u00e3o ou de uma a\u00e7\u00e3o afirmativa clara, concorda com o processamento de dados pessoais relacionados a ele ou ela.<\/p>\n<h2>Legalidade do processamento<\/h2>\n<p>O processamento de dados pessoais s\u00f3 \u00e9 legal se houver uma base legal para o processamento. A base legal para o processamento pode estar de acordo com o Artigo 6 para. 1 litro. a &#8211; f GDPR em particular:<\/p>\n<p>a. O titular dos dados deu seu consentimento para o processamento de seus dados pessoais para uma ou mais finalidades espec\u00edficas;<\/p>\n<p>b. o processamento \u00e9 necess\u00e1rio para a execu\u00e7\u00e3o de um contrato do qual o titular dos dados \u00e9 parte ou para tomar medidas a pedido do titular dos dados antes de firmar um contrato;<\/p>\n<p>c. o processamento \u00e9 necess\u00e1rio para o cumprimento de uma obriga\u00e7\u00e3o legal \u00e0 qual o controlador est\u00e1 sujeito;<\/p>\n<p>d. o processamento \u00e9 necess\u00e1rio para proteger os interesses vitais do titular dos dados ou de outra pessoa f\u00edsica;<\/p>\n<p>e. o processamento \u00e9 necess\u00e1rio para o desempenho de uma tarefa realizada no interesse p\u00fablico ou no exerc\u00edcio da autoridade oficial investida no controlador;<\/p>\n<p>f. o processamento for necess\u00e1rio para os fins dos interesses leg\u00edtimos do controlador ou de terceiros, exceto quando esses interesses forem sobrepostos pelos interesses ou direitos e liberdades fundamentais do titular dos dados que exijam a prote\u00e7\u00e3o dos dados pessoais, especialmente quando o titular dos dados for uma crian\u00e7a.<\/p>\n<h2>Informa\u00e7\u00f5es sobre a coleta de dados pessoais<\/h2>\n<p>(1) A seguir, fornecemos informa\u00e7\u00f5es sobre a coleta de dados pessoais ao usar nosso site. Os dados pessoais s\u00e3o, por exemplo, nome, endere\u00e7o, endere\u00e7os de e-mail, comportamento do usu\u00e1rio.<\/p>\n<p>(2) Se voc\u00ea entrar em contato conosco por e-mail ou por meio de um formul\u00e1rio de contato, os dados fornecidos (seu endere\u00e7o de e-mail, possivelmente seu nome e n\u00famero de telefone) ser\u00e3o armazenados por n\u00f3s para que possamos responder \u00e0s suas perguntas. Exclu\u00edmos os dados que surgem nesse contexto depois que o armazenamento n\u00e3o \u00e9 mais necess\u00e1rio ou o processamento \u00e9 restrito se houver obriga\u00e7\u00f5es legais de reten\u00e7\u00e3o.<\/p>\n<h3>Coleta de dados pessoais ao visitar nosso site<\/h3>\n<p>Se voc\u00ea usar o site apenas para fins informativos, ou seja, se n\u00e3o se registrar ou n\u00e3o nos fornecer informa\u00e7\u00f5es de outra forma, coletaremos apenas os dados pessoais que o seu navegador transmitir ao nosso servidor. Se voc\u00ea deseja visualizar nosso site, coletamos os seguintes dados, que s\u00e3o tecnicamente necess\u00e1rios para que possamos exibir nosso site para voc\u00ea e garantir estabilidade e seguran\u00e7a (a base legal \u00e9 o Art. 6, par\u00e1grafo 1, frase 1 lit. f do GDPR):<\/p>\n<ul class=\"normallist\">\n<li>Endere\u00e7o IP<\/li>\n<li>Data e hora da consulta<\/li>\n<li>Diferen\u00e7a de fuso hor\u00e1rio em rela\u00e7\u00e3o ao hor\u00e1rio de Greenwich (GMT)<\/li>\n<li>Conte\u00fado da solicita\u00e7\u00e3o (p\u00e1gina espec\u00edfica)<\/li>\n<li>Status de acesso\/c\u00f3digo de status HTTP<\/li>\n<li>Quantidade de dados transferidos em cada caso<\/li>\n<li>Site de onde vem a solicita\u00e7\u00e3o<\/li>\n<li>Navegador<\/li>\n<li>Sistema operacional e sua interface<\/li>\n<li>Idioma e vers\u00e3o do software do navegador.<\/li>\n<\/ul>\n<h3>Uso de cookies<\/h3>\n<p>(1) Al\u00e9m dos dados mencionados acima, os cookies s\u00e3o armazenados em seu computador quando voc\u00ea usa nosso site. Cookies s\u00e3o pequenos arquivos de texto que s\u00e3o armazenados no disco r\u00edgido e atribu\u00eddos ao navegador que voc\u00ea est\u00e1 usando, por meio dos quais determinadas informa\u00e7\u00f5es fluem para o local que define o cookie. Os cookies n\u00e3o podem executar programas ou transferir v\u00edrus para seu computador. Eles servem para tornar o site mais f\u00e1cil de usar e eficaz em geral.<\/p>\n<p>(2) Este site usa os seguintes tipos de cookies, cujo escopo e fun\u00e7\u00e3o s\u00e3o explicados abaixo:<\/p>\n<ul class=\"normallist\">\n<li>Cookies transit\u00f3rios (consulte a.)<\/li>\n<li>Cookies persistentes (consulte b.).<\/li>\n<\/ul>\n<p>a. Os cookies transit\u00f3rios s\u00e3o exclu\u00eddos automaticamente quando voc\u00ea fecha o navegador. Isso inclui, principalmente, cookies de sess\u00e3o. Eles armazenam o chamado ID da sess\u00e3o, com o qual v\u00e1rias solicita\u00e7\u00f5es do seu navegador podem ser atribu\u00eddas \u00e0 sess\u00e3o compartilhada. Isso permite que seu computador seja reconhecido quando voc\u00ea retornar ao nosso site. Os cookies de sess\u00e3o s\u00e3o exclu\u00eddos quando voc\u00ea faz logout ou fecha o navegador.<\/p>\n<p>b. Os cookies persistentes s\u00e3o exclu\u00eddos automaticamente ap\u00f3s um per\u00edodo espec\u00edfico, que pode variar de acordo com o cookie. Voc\u00ea pode excluir os cookies nas configura\u00e7\u00f5es de seguran\u00e7a do seu navegador a qualquer momento.<\/p>\n<p>c. Voc\u00ea pode configurar as defini\u00e7\u00f5es do seu navegador de acordo com seus desejos e, por exemplo, recusar-se a aceitar cookies de terceiros ou todos os cookies. Os chamados &#8220;cookies de terceiros&#8221; s\u00e3o cookies definidos por terceiros e, portanto, n\u00e3o pelo pr\u00f3prio site que voc\u00ea est\u00e1 visitando no momento. Observe que talvez n\u00e3o seja poss\u00edvel usar todas as fun\u00e7\u00f5es deste site se voc\u00ea desativar os cookies.<\/p>\n<h3>Suas configura\u00e7\u00f5es atuais de cookies<\/h3>\n<p>[borlabs-cookie type=&#8221;consent-history&#8221; \/][\/et_pb_text][et_pb_button button_text=&#8221;Configura\u00e7\u00f5es de cookies&#8221; module_class=&#8221;borlabs-cookie-preference&#8221; _builder_version=&#8221;4.14.1&#8243; _module_preset=&#8221;default&#8221; custom_button=&#8221;on&#8221; button_text_size=&#8221;21px&#8221; button_text_color=&#8221;#B52C24&#8243; button_bg_color=&#8221;RGBA(0,0,0,0)&#8221; button_border_width=&#8221;0px&#8221; button_border_radius=&#8221;0px&#8221; button_font=&#8221;|300|||||||&#8221; button_icon=&#8221;&#xe037;||divi||400&#8243; button_icon_color=&#8221;#B52C24&#8243; button_icon_placement=&#8221;left&#8221; button_on_hover=&#8221;off&#8221; custom_margin=&#8221;0px||0px|2px|true|false&#8221; custom_padding=&#8221;0px||0px|25px|true|false&#8221; locked=&#8221;off&#8221; global_colors_info=&#8221;{}&#8221; button_text_color__hover=&#8221;rgba(181,44,36,0.8)&#8221; button_text_color__hover_enabled=&#8221;on|desktop&#8221; button_bg_color__hover=&#8221;RGBA(0,0,0,0)&#8221; button_bg_color__hover_enabled=&#8221;on|desktop&#8221; button_icon_color__hover=&#8221;rgba(181,44,36,0.8)&#8221; button_icon_color__hover_enabled=&#8221;on|desktop&#8221;][\/et_pb_button][\/et_pb_column][\/et_pb_row][et_pb_row _builder_version=&#8221;4.14.1&#8243; _module_preset=&#8221;default&#8221; width=&#8221;90%&#8221; max_width=&#8221;800px&#8221; custom_padding=&#8221;40px||30px||false|false&#8221; global_colors_info=&#8221;{}&#8221;][et_pb_column type=&#8221;4_4&#8243; _builder_version=&#8221;4.13.1&#8243; _module_preset=&#8221;default&#8221; global_colors_info=&#8221;{}&#8221;][et_pb_text _builder_version=&#8221;4.14.2&#8243; _module_preset=&#8221;default&#8221; text_font=&#8221;|300|||||||&#8221; text_text_color=&#8221;#292929&#8243; link_font=&#8221;||||||||&#8221; header_font=&#8221;|700|||||||&#8221; header_text_color=&#8221;#1D1D1D&#8221; header_font_size=&#8221;34px&#8221; header_2_font=&#8221;|700|||||||&#8221; header_2_text_color=&#8221;#1D1D1D&#8221; header_2_font_size=&#8221;34px&#8221; header_3_font=&#8221;|700|||||||&#8221; header_3_text_color=&#8221;#1D1D1D&#8221; header_3_font_size=&#8221;28px&#8221; hover_enabled=&#8221;0&#8243; global_colors_info=&#8221;{}&#8221; link_text_color__hover=&#8221;rgba(181,44,36,0.8)&#8221; link_text_color__hover_enabled=&#8221;on|desktop&#8221; sticky_enabled=&#8221;0&#8243;]<\/p>\n<h3>Outras fun\u00e7\u00f5es e ofertas em nosso site<\/h3>\n<p>(1) Al\u00e9m do uso puramente informativo de nosso site, oferecemos v\u00e1rios servi\u00e7os que voc\u00ea pode usar se estiver interessado. Para essa finalidade, voc\u00ea deve fornecer outros dados pessoais que usamos para prestar o respectivo servi\u00e7o e aos quais se aplicam os princ\u00edpios de processamento de dados mencionados acima.<\/p>\n<p>(2) Em alguns casos, usamos prestadores de servi\u00e7os externos para processar seus dados. Eles foram cuidadosamente selecionados e comissionados por n\u00f3s, est\u00e3o vinculados \u00e0s nossas instru\u00e7\u00f5es e s\u00e3o monitorados regularmente.<\/p>\n<p>(3) Al\u00e9m disso, podemos repassar seus dados pessoais a terceiros se oferecermos participa\u00e7\u00e3o em promo\u00e7\u00f5es, concursos, contratos ou servi\u00e7os semelhantes em conjunto com parceiros. Voc\u00ea receber\u00e1 informa\u00e7\u00f5es mais detalhadas sobre isso quando fornecer seus dados pessoais ou na descri\u00e7\u00e3o da oferta abaixo.<\/p>\n<p>(4) Se nossos prestadores de servi\u00e7os ou parceiros estiverem sediados em um pa\u00eds fora do Espa\u00e7o Econ\u00f4mico Europeu (EEE), n\u00f3s o informaremos sobre as consequ\u00eancias dessa circunst\u00e2ncia na descri\u00e7\u00e3o da oferta.<\/p>\n<h2>Crian\u00e7as<\/h2>\n<p>Nossa oferta \u00e9 geralmente voltada para adultos. Pessoas com menos de 18 anos de idade n\u00e3o devem nos transmitir nenhum dado pessoal sem o consentimento de seus pais ou respons\u00e1veis legais.<\/p>\n<h2>Direitos do titular dos dados<\/h2>\n<h3>(1) Revoga\u00e7\u00e3o do consentimento<\/h3>\n<p>Se o processamento de dados pessoais for baseado em seu consentimento, voc\u00ea tem o direito de retirar seu consentimento a qualquer momento. A retirada do consentimento n\u00e3o afetar\u00e1 a legalidade do processamento baseado no consentimento anterior \u00e0 sua retirada.<\/p>\n<p>Voc\u00ea pode entrar em contato conosco a qualquer momento para exercer seu direito de cancelamento.<\/p>\n<h3>(2) Direito de confirma\u00e7\u00e3o<\/h3>\n<p>Voc\u00ea tem o direito de solicitar confirma\u00e7\u00e3o do controlador sobre se estamos processando dados pessoais a seu respeito. Voc\u00ea pode solicitar a confirma\u00e7\u00e3o a qualquer momento usando os detalhes de contato acima.<\/p>\n<h3>(3) Direito \u00e0 informa\u00e7\u00e3o<\/h3>\n<p>Se os dados pessoais forem processados, voc\u00ea poder\u00e1 solicitar informa\u00e7\u00f5es sobre esses dados pessoais e as seguintes informa\u00e7\u00f5es a qualquer momento:<\/p>\n<p>a. as finalidades do processamento;<\/p>\n<p>b. as categorias de dados pessoais que s\u00e3o processadas;<\/p>\n<p>c. os destinat\u00e1rios ou categorias de destinat\u00e1rios para os quais os dados pessoais foram ou ser\u00e3o divulgados, em particular destinat\u00e1rios em pa\u00edses terceiros ou organiza\u00e7\u00f5es internacionais;<\/p>\n<p>d. quando poss\u00edvel, o per\u00edodo previsto para o qual os dados pessoais ser\u00e3o armazenados ou, se n\u00e3o for poss\u00edvel, os crit\u00e9rios usados para determinar esse per\u00edodo;<\/p>\n<p>e. a exist\u00eancia de um direito de retifica\u00e7\u00e3o ou exclus\u00e3o de dados pessoais relativos ao usu\u00e1rio ou de restri\u00e7\u00e3o de processamento pelo controlador ou um direito de obje\u00e7\u00e3o a esse processamento;<\/p>\n<p>f. a exist\u00eancia de um direito de apela\u00e7\u00e3o a uma autoridade de supervis\u00e3o;<\/p>\n<p>g. se os dados pessoais n\u00e3o forem coletados do titular dos dados, todas as informa\u00e7\u00f5es dispon\u00edveis sobre a origem dos dados;<\/p>\n<p>h. a exist\u00eancia de tomada de decis\u00e3o automatizada, incluindo a cria\u00e7\u00e3o de perfis, mencionada no Artigo 22(1) e (4) do GDPR e, pelo menos nesses casos, informa\u00e7\u00f5es significativas sobre a l\u00f3gica envolvida, bem como a import\u00e2ncia e as consequ\u00eancias previstas de tal processamento para o titular dos dados.<\/p>\n<p>Se os dados pessoais forem transferidos para um terceiro pa\u00eds ou para uma organiza\u00e7\u00e3o internacional, voc\u00ea tem o direito de ser informado sobre as salvaguardas apropriadas de acordo com o Artigo 46 do GDPR em rela\u00e7\u00e3o \u00e0 transfer\u00eancia. Forneceremos uma c\u00f3pia dos dados pessoais que s\u00e3o objeto do processamento. Poderemos cobrar uma taxa razo\u00e1vel com base nos custos administrativos por quaisquer c\u00f3pias adicionais que voc\u00ea solicitar. Se voc\u00ea enviar a solicita\u00e7\u00e3o eletronicamente, as informa\u00e7\u00f5es dever\u00e3o ser fornecidas em um formato eletr\u00f4nico padr\u00e3o, a menos que o solicitante especifique o contr\u00e1rio. O direito de receber uma c\u00f3pia nos termos do par\u00e1grafo 3 n\u00e3o afetar\u00e1 negativamente os direitos e liberdades de terceiros.<\/p>\n<h3>(4) Direito de retifica\u00e7\u00e3o<\/h3>\n<p>Voc\u00ea tem o direito de obter de n\u00f3s, sem demora injustificada, a retifica\u00e7\u00e3o de dados pessoais imprecisos que lhe digam respeito. Levando em conta as finalidades do processamento, voc\u00ea tem o direito de ter dados pessoais incompletos completados, inclusive por meio do fornecimento de uma declara\u00e7\u00e3o complementar.<\/p>\n<h3>(5) Direito de apagar (&#8220;direito de ser esquecido&#8221;)<\/h3>\n<p>Voc\u00ea tem o direito de obter do controlador a exclus\u00e3o dos dados pessoais que lhe dizem respeito sem atraso indevido e somos obrigados a excluir os dados pessoais sem atraso indevido quando um dos seguintes motivos se aplicar:<\/p>\n<p>a. Os dados pessoais n\u00e3o s\u00e3o mais necess\u00e1rios para os fins para os quais foram coletados ou processados de outra forma.<\/p>\n<p>b. O titular dos dados retira o consentimento no qual o processamento se baseia, de acordo com a al\u00ednea (a) do Artigo 6(1) ou a al\u00ednea (a) do Artigo 9(2) do GDPR, e quando n\u00e3o houver outra base legal para o processamento.<\/p>\n<p>c. O titular dos dados se op\u00f5e ao processamento de acordo com o Artigo 21(1) do GDPR e n\u00e3o h\u00e1 motivos leg\u00edtimos que prevale\u00e7am para o processamento, ou o titular dos dados se op\u00f5e ao processamento de acordo com o Artigo 21(2) do GDPR.<\/p>\n<p>d. Os dados pessoais foram processados ilegalmente.<\/p>\n<p>e. A exclus\u00e3o de dados pessoais \u00e9 necess\u00e1ria para cumprir uma obriga\u00e7\u00e3o legal nos termos da legisla\u00e7\u00e3o da Uni\u00e3o ou da legisla\u00e7\u00e3o dos Estados Membros aos quais o controlador est\u00e1 sujeito.<\/p>\n<p>f. Os dados pessoais foram coletados em rela\u00e7\u00e3o aos servi\u00e7os da sociedade da informa\u00e7\u00e3o oferecidos de acordo com o Artigo 8(1) do GDPR.<\/p>\n<p>Quando o controlador tiver tornado p\u00fablicos os dados pessoais e for obrigado, nos termos do par\u00e1grafo 1, a apag\u00e1-los, o controlador, levando em conta a tecnologia dispon\u00edvel e o custo de implementa\u00e7\u00e3o, tomar\u00e1 medidas razo\u00e1veis, inclusive de ordem t\u00e9cnica, para informar aos controladores que estiverem processando os dados pessoais que o titular dos dados solicitou o apagamento, por esses controladores, de quaisquer links para esses dados pessoais, ou c\u00f3pias ou reprodu\u00e7\u00f5es dos mesmos.<\/p>\n<p>O direito de apagar (&#8220;direito de ser esquecido&#8221;) n\u00e3o existe se o processamento for necess\u00e1rio:<\/p>\n<p>&#8211; exercer o direito \u00e0 liberdade de express\u00e3o e informa\u00e7\u00e3o;<\/p>\n<p>&#8211; para o cumprimento de uma obriga\u00e7\u00e3o legal que exija o processamento pela legisla\u00e7\u00e3o da Uni\u00e3o ou do Estado Membro \u00e0 qual o controlador est\u00e1 sujeito ou para o desempenho de uma tarefa realizada no interesse p\u00fablico ou no exerc\u00edcio da autoridade oficial investida no controlador;<\/p>\n<p>&#8211; por motivos de interesse p\u00fablico na \u00e1rea de sa\u00fade p\u00fablica, de acordo com o Artigo 9(2)(h) e (i) e o Artigo 9(3) do GDPR;<\/p>\n<p>&#8211; para fins de arquivamento de interesse p\u00fablico, fins de pesquisa cient\u00edfica ou hist\u00f3rica ou fins estat\u00edsticos, de acordo com o Artigo 89(1) do GDPR, desde que o direito mencionado no par\u00e1grafo 1 possa impossibilitar ou prejudicar seriamente a realiza\u00e7\u00e3o dos objetivos desse processamento, ou<\/p>\n<p>&#8211; para a afirma\u00e7\u00e3o, exerc\u00edcio ou defesa de reivindica\u00e7\u00f5es legais.<\/p>\n<h3>(6) Direito \u00e0 restri\u00e7\u00e3o do processamento<\/h3>\n<p>Voc\u00ea tem o direito de exigir que restrinjamos o processamento de seus dados pessoais se uma das seguintes condi\u00e7\u00f5es for atendida:<\/p>\n<p>a. a exatid\u00e3o dos dados pessoais for contestada pelo titular dos dados, por um per\u00edodo que permita ao controlador verificar a exatid\u00e3o dos dados pessoais,<\/p>\n<p>b. o processamento for ilegal e o titular dos dados se opuser ao apagamento dos dados pessoais e solicitar a restri\u00e7\u00e3o de seu uso;<\/p>\n<p>c. o controlador n\u00e3o precisar mais dos dados pessoais para os fins do processamento, mas eles forem exigidos pelo titular dos dados para o estabelecimento, exerc\u00edcio ou defesa de reivindica\u00e7\u00f5es legais, ou<\/p>\n<p>d. o titular dos dados se op\u00f4s ao processamento de acordo com o Artigo 21(1) do GDPR, enquanto se aguarda a verifica\u00e7\u00e3o se os motivos leg\u00edtimos do controlador se sobrep\u00f5em aos do titular dos dados.<\/p>\n<p>Quando o processamento tiver sido restringido de acordo com as condi\u00e7\u00f5es acima, esses dados pessoais, com exce\u00e7\u00e3o do armazenamento, s\u00f3 ser\u00e3o processados com o consentimento do titular dos dados ou para a declara\u00e7\u00e3o, o exerc\u00edcio ou a defesa de reivindica\u00e7\u00f5es legais ou para a prote\u00e7\u00e3o dos direitos de outra pessoa f\u00edsica ou jur\u00eddica ou por motivos de interesse p\u00fablico importante da Uni\u00e3o ou de um Estado Membro.<\/p>\n<p>Para fazer valer o direito \u00e0 restri\u00e7\u00e3o do processamento, o titular dos dados pode entrar em contato conosco a qualquer momento usando os detalhes de contato fornecidos acima.<\/p>\n<h3>(7) Direito \u00e0 portabilidade de dados<\/h3>\n<p>Voc\u00ea tem o direito de receber os dados pessoais que lhe dizem respeito e que nos forneceu, em um formato estruturado, comumente usado e leg\u00edvel por m\u00e1quina, e tem o direito de transmitir esses dados a outro controlador sem impedimento por parte do controlador ao qual os dados pessoais foram fornecidos, quando uma das seguintes situa\u00e7\u00f5es se aplicar<\/p>\n<p>a. o processamento \u00e9 baseado no consentimento de acordo com o Artigo 6(1)(a) ou Artigo 9(2)(a) ou em um contrato de acordo com o Artigo 6(1)(b) do GDPR, e<\/p>\n<p>b. o processamento \u00e9 realizado por meios automatizados.<\/p>\n<p>Ao exercer o direito \u00e0 portabilidade de dados de acordo com o par\u00e1grafo 1, voc\u00ea tem o direito de ter os dados pessoais transmitidos diretamente de um controlador para outro, quando tecnicamente vi\u00e1vel. O exerc\u00edcio do direito \u00e0 portabilidade de dados n\u00e3o afeta o direito de exclus\u00e3o (&#8220;direito de ser esquecido&#8221;). Esse direito n\u00e3o se aplica ao processamento necess\u00e1rio para o desempenho de uma tarefa realizada no interesse p\u00fablico ou no exerc\u00edcio da autoridade oficial investida no controlador.<\/p>\n<h3>(8) Direito de obje\u00e7\u00e3o<\/h3>\n<p>Voc\u00ea tem o direito de se opor, por motivos relacionados \u00e0 sua situa\u00e7\u00e3o particular, a qualquer momento, ao processamento de dados pessoais que lhe digam respeito, com base nas al\u00edneas (e) ou (f) do Artigo 6(1) do GDPR, incluindo a cria\u00e7\u00e3o de perfis com base nessas disposi\u00e7\u00f5es. O controlador n\u00e3o processar\u00e1 mais os dados pessoais, a menos que demonstre motivos leg\u00edtimos e convincentes para o processamento que se sobreponham aos interesses, direitos e liberdades do titular dos dados ou para o estabelecimento, exerc\u00edcio ou defesa de reivindica\u00e7\u00f5es legais.<\/p>\n<p>Quando os dados pessoais s\u00e3o processados para fins de marketing direto, o usu\u00e1rio tem o direito de se opor, a qualquer momento, ao processamento de dados pessoais que lhe digam respeito para esse marketing, o que inclui a cria\u00e7\u00e3o de perfis na medida em que esteja relacionada a esse marketing direto. Se voc\u00ea se opuser ao processamento para fins de marketing direto, os dados pessoais n\u00e3o ser\u00e3o mais processados para esses fins.<\/p>\n<p>No contexto do uso de servi\u00e7os da sociedade da informa\u00e7\u00e3o, e n\u00e3o obstante a Diretiva 2002\/58\/EC, voc\u00ea pode exercer seu direito de obje\u00e7\u00e3o por meios automatizados usando especifica\u00e7\u00f5es t\u00e9cnicas.<\/p>\n<p>Voc\u00ea tem o direito de se opor, por motivos relacionados \u00e0 sua situa\u00e7\u00e3o particular, ao processamento de dados pessoais que lhe digam respeito para fins de pesquisa cient\u00edfica ou hist\u00f3rica ou para fins estat\u00edsticos, de acordo com o Artigo 89(1), a menos que o processamento seja necess\u00e1rio para o desempenho de uma tarefa realizada por motivos de interesse p\u00fablico.<\/p>\n<p>Voc\u00ea pode exercer seu direito de obje\u00e7\u00e3o a qualquer momento entrando em contato com o respectivo controlador.<\/p>\n<h3>(9) Decis\u00f5es automatizadas em casos individuais, incluindo a cria\u00e7\u00e3o de perfis<\/h3>\n<p>Voc\u00ea tem o direito de n\u00e3o estar sujeito a uma decis\u00e3o baseada exclusivamente no processamento automatizado, incluindo a defini\u00e7\u00e3o de perfis, que produza efeitos legais a seu respeito ou que o afete significativamente de forma semelhante. Isso n\u00e3o se aplica se a decis\u00e3o:<\/p>\n<p>a. for necess\u00e1rio para a conclus\u00e3o ou o cumprimento de um contrato entre o titular dos dados e o controlador,<\/p>\n<p>b. for autorizado pela legisla\u00e7\u00e3o da Uni\u00e3o ou do Estado-Membro a que o controlador est\u00e1 sujeito e que tamb\u00e9m estabelece medidas adequadas para salvaguardar os direitos e liberdades e os interesses leg\u00edtimos do titular dos dados; ou<\/p>\n<p>c. com o consentimento expresso do titular dos dados.<\/p>\n<p>O controlador de dados deve implementar medidas adequadas para proteger os direitos e liberdades e os interesses leg\u00edtimos do titular dos dados, pelo menos o direito de obter interven\u00e7\u00e3o humana por parte do controlador, de expressar seu ponto de vista e de contestar a decis\u00e3o.<\/p>\n<p>O titular dos dados pode exercer esse direito a qualquer momento entrando em contato com o respectivo controlador.<\/p>\n<h3>(10) Direito de apresentar uma reclama\u00e7\u00e3o a uma autoridade de supervis\u00e3o<\/h3>\n<p>Sem preju\u00edzo de qualquer outro recurso administrativo ou judicial, voc\u00ea tamb\u00e9m tem o direito de apresentar uma reclama\u00e7\u00e3o a uma autoridade supervisora, em particular no Estado Membro de sua resid\u00eancia habitual, local de trabalho ou local da suposta infra\u00e7\u00e3o, se o titular dos dados considerar que o processamento de dados pessoais relacionados a ele infringe este Regulamento.<\/p>\n<h3>(11) Direito a um recurso judicial efetivo<\/h3>\n<p>Sem preju\u00edzo de qualquer recurso administrativo ou extrajudicial dispon\u00edvel, incluindo o direito de apresentar uma reclama\u00e7\u00e3o a uma autoridade supervisora de acordo com o Artigo 77 do GDPR, voc\u00ea tem o direito a um recurso judicial efetivo se considerar que seus direitos sob este Regulamento foram violados como resultado do processamento de seus dados pessoais em n\u00e3o conformidade com este Regulamento.<a href=\"https:\/\/adssettings.google.com\/authenticated\" target=\"_blank\" rel=\"noopener\"><\/a><\/p>\n<h2>Uso do Google Analytics<\/h2>\n<p>(1) Este site usa o Google Analytics, um servi\u00e7o de an\u00e1lise da Web fornecido pela Google Inc. (Google). (&#8220;Google&#8221;). O Google Analytics usa &#8220;cookies&#8221;, que s\u00e3o arquivos de texto colocados no seu computador, para ajudar o site a analisar como os usu\u00e1rios usam o site. As informa\u00e7\u00f5es geradas pelo cookie sobre seu uso deste site geralmente s\u00e3o transmitidas para um servidor do Google nos EUA e armazenadas l\u00e1. Entretanto, se a anonimiza\u00e7\u00e3o de IP estiver ativada neste site, seu endere\u00e7o IP ser\u00e1 primeiro truncado pelo Google nos estados membros da Uni\u00e3o Europeia ou em outros estados signat\u00e1rios do Acordo sobre o Espa\u00e7o Econ\u00f4mico Europeu. Somente em casos excepcionais o endere\u00e7o IP completo ser\u00e1 transmitido para um servidor do Google nos EUA e encurtado l\u00e1. Em nome do operador deste site, o Google usar\u00e1 essas informa\u00e7\u00f5es para analisar seu uso do site, para compilar relat\u00f3rios sobre a atividade do site e para fornecer outros servi\u00e7os relacionados \u00e0 atividade do site e ao uso da Internet para o operador do site.<\/p>\n<p>(2) O endere\u00e7o IP transmitido por seu navegador como parte do Google Analytics n\u00e3o ser\u00e1 mesclado com outros dados do Google.<\/p>\n<p>(3) Voc\u00ea pode recusar o uso de cookies selecionando as configura\u00e7\u00f5es apropriadas no seu navegador; no entanto, observe que, se fizer isso, talvez n\u00e3o consiga usar todas as funcionalidades deste site. Voc\u00ea tamb\u00e9m pode impedir que o Google colete os dados gerados pelo cookie e relacionados ao seu uso do site (inclusive seu endere\u00e7o IP) e que esses dados sejam processados pelo Google baixando e instalando o plug-in do navegador dispon\u00edvel no link a seguir:<span> <\/span><a href=\"http:\/\/tools.google.com\/dlpage\/gaoptout?hl=de\" target=\"_blank\" rel=\"noopener noreferrer\">http:\/\/tools.google.com\/dlpage\/gaoptout?hl=de.<\/a><\/p>\n<p>Voc\u00ea pode usar a seguinte configura\u00e7\u00e3o de cookie para impedir que o Google Analytics colete seus dados quando voc\u00ea visitar este site:[borlabs-cookie type=&#8221;btn-switch-consent&#8221; id=&#8221;google-analytics&#8221; title=&#8221;Google Analytics&#8221; \/]<\/p>\n<p>(4) Este site usa o Google Analytics com a extens\u00e3o &#8220;_anonymiseIp()&#8221;. Isso significa que os endere\u00e7os IP s\u00e3o processados de forma abreviada, de modo que n\u00e3o possam ser vinculados a uma pessoa espec\u00edfica. Na medida em que os dados coletados sobre voc\u00ea tiverem uma refer\u00eancia pessoal, isso ser\u00e1 imediatamente exclu\u00eddo e os dados pessoais ser\u00e3o imediatamente exclu\u00eddos.<\/p>\n<p>(5) Usamos o Google Analytics para analisar e melhorar regularmente o uso do nosso site. Podemos usar as estat\u00edsticas obtidas para melhorar nossa oferta e torn\u00e1-la mais interessante para voc\u00ea como usu\u00e1rio. Para os casos excepcionais em que os dados pessoais s\u00e3o transferidos para os EUA, o Google se submeteu ao Escudo de Privacidade UE-EUA,<span> <\/span><a href=\"https:\/\/www.privacyshield.gov\/EU-US-Framework\" target=\"_blank\" rel=\"noopener noreferrer\">https:\/\/www.privacyshield.gov\/EU-US-Framework.<\/a> A base legal para o uso do Google Analytics \u00e9 o Art. 6 para. 1 p. 1 lit. f GDPR.<\/p>\n<p>(6) Informa\u00e7\u00f5es do provedor terceirizado: Google Dublin, Google Ireland Ltd, Gordon House, Barrow Street, Dublin 4, Irlanda, Fax: +353 (1) 436 1001. condi\u00e7\u00f5es do usu\u00e1rio:<\/p>\n<p><a href=\"http:\/\/www.google.com\/analytics\/terms\/de.html\" target=\"_blank\" rel=\"noopener noreferrer\">http:\/\/www.google.com\/analytics\/terms\/de.html,<\/a> vis\u00e3o geral da prote\u00e7\u00e3o de dados:<span> <\/span><a href=\"http:\/\/www.google.com\/intl\/de\/analytics\/learn\/privacy.html\" target=\"_blank\" rel=\"noopener noreferrer\">http:\/\/www.google.com\/intl\/de\/analytics\/learn\/privacy.html,<\/a> bem como a pol\u00edtica de privacidade:<span> <\/span><a href=\"http:\/\/www.google.de\/intl\/de\/policies\/privacy\" target=\"_blank\" rel=\"noopener noreferrer\">http:\/\/www.google.de\/intl\/de\/policies\/privacy.<\/a><\/p>\n<p>(7) Este site tamb\u00e9m usa o Google Analytics para uma an\u00e1lise entre dispositivos dos fluxos de visitantes, que \u00e9 realizada por meio de um ID de usu\u00e1rio. Voc\u00ea pode desativar a an\u00e1lise entre dispositivos do seu uso na sua conta de cliente em &#8220;Meus dados&#8221;, &#8220;Dados pessoais&#8221;.<\/p>\n<h2>Integra\u00e7\u00e3o do Google Maps<\/h2>\n<p>(1) Usamos o Google Maps neste site. Isso nos permite mostrar mapas interativos diretamente no site e permite que voc\u00ea use a fun\u00e7\u00e3o de mapa de forma conveniente.<\/p>\n<p>(2) Ao visitar o site, o Google recebe a informa\u00e7\u00e3o de que voc\u00ea acessou a subp\u00e1gina correspondente do nosso site. Al\u00e9m disso, os dados mencionados no \u00a7 3 desta declara\u00e7\u00e3o ser\u00e3o transmitidos. Isso ocorre independentemente de o Google fornecer uma conta de usu\u00e1rio por meio da qual voc\u00ea esteja conectado ou de n\u00e3o existir uma conta de usu\u00e1rio. Se voc\u00ea estiver conectado ao Google, seus dados ser\u00e3o atribu\u00eddos diretamente \u00e0 sua conta. Se n\u00e3o quiser ser associado ao seu perfil do Google, voc\u00ea dever\u00e1 fazer logout antes de ativar o bot\u00e3o. O Google armazena seus dados como perfis de usu\u00e1rio e os utiliza para fins de publicidade, pesquisa de mercado e\/ou design personalizado de seu site. Essa an\u00e1lise \u00e9 realizada em particular (mesmo para usu\u00e1rios que n\u00e3o est\u00e3o conectados) para fornecer publicidade personalizada e informar outros usu\u00e1rios da rede social sobre suas atividades em nosso site. O usu\u00e1rio tem o direito de se opor \u00e0 cria\u00e7\u00e3o desses perfis de usu\u00e1rio, devendo entrar em contato com o Google para exercer esse direito.<\/p>\n<p>(3) Mais informa\u00e7\u00f5es sobre a finalidade e o escopo da coleta de dados e seu processamento pelo provedor do plug-in podem ser encontradas na pol\u00edtica de privacidade do provedor. L\u00e1 voc\u00ea tamb\u00e9m encontrar\u00e1 mais informa\u00e7\u00f5es sobre seus direitos a esse respeito e op\u00e7\u00f5es de configura\u00e7\u00e3o para proteger sua privacidade:<span> <\/span><a href=\"http:\/\/www.google.de\/intl\/de\/policies\/privacy\" target=\"_blank\" rel=\"noopener noreferrer\">http:\/\/www.google.de\/intl\/de\/policies\/privacy.<\/a> O Google tamb\u00e9m processa seus dados pessoais nos EUA e se submeteu ao Escudo de Privacidade UE-EUA,<span> <\/span><a href=\"https:\/\/www.privacyshield.gov\/EU-US-Framework\" target=\"_blank\" rel=\"noopener noreferrer\">https:\/\/www.privacyshield.gov\/EU-US-Framework.<\/a><\/p>\n<p>[\/et_pb_text][\/et_pb_column][\/et_pb_row][\/et_pb_section]<\/p>\n","protected":false},"excerpt":{"rendered":"<p>Pol\u00edtica de privacidade NEXAT GmbH Meppener Stra\u00dfe 9-11 49597 Rieste Alemanha Tel: +49 5493 54844-0 info@nexat.de Seguran\u00e7a e prote\u00e7\u00e3o de seus dados pessoais Consideramos nossa principal tarefa manter a confidencialidade dos dados pessoais que voc\u00ea fornece e proteg\u00ea-los contra acesso n\u00e3o autorizado. Portanto, tomamos o m\u00e1ximo de cuidado e aplicamos os mais recentes padr\u00f5es de [&hellip;]<\/p>\n","protected":false},"author":1,"featured_media":0,"parent":0,"menu_order":16,"comment_status":"closed","ping_status":"closed","template":"","meta":{"_et_pb_use_builder":"on","_et_pb_old_content":"","_et_gb_content_width":"","footnotes":""},"class_list":["post-6691","page","type-page","status-publish","hentry"],"_links":{"self":[{"href":"https:\/\/www.nexat.de\/pt-br\/wp-json\/wp\/v2\/pages\/6691","targetHints":{"allow":["GET"]}}],"collection":[{"href":"https:\/\/www.nexat.de\/pt-br\/wp-json\/wp\/v2\/pages"}],"about":[{"href":"https:\/\/www.nexat.de\/pt-br\/wp-json\/wp\/v2\/types\/page"}],"author":[{"embeddable":true,"href":"https:\/\/www.nexat.de\/pt-br\/wp-json\/wp\/v2\/users\/1"}],"replies":[{"embeddable":true,"href":"https:\/\/www.nexat.de\/pt-br\/wp-json\/wp\/v2\/comments?post=6691"}],"version-history":[{"count":13,"href":"https:\/\/www.nexat.de\/pt-br\/wp-json\/wp\/v2\/pages\/6691\/revisions"}],"predecessor-version":[{"id":7238,"href":"https:\/\/www.nexat.de\/pt-br\/wp-json\/wp\/v2\/pages\/6691\/revisions\/7238"}],"wp:attachment":[{"href":"https:\/\/www.nexat.de\/pt-br\/wp-json\/wp\/v2\/media?parent=6691"}],"curies":[{"name":"wp","href":"https:\/\/api.w.org\/{rel}","templated":true}]}}